{"version":"1.0","provider_name":"Realschule an der Blutenburg","provider_url":"https:\/\/rsb.musin.de\/wordpress","author_name":"admin","author_url":"https:\/\/rsb.musin.de\/wordpress\/author\/admin\/","title":"Geschlechtergerechte Arbeit - M\u00e4dchen- und Jungenf\u00f6rderung - Realschule an der Blutenburg","type":"rich","width":600,"height":338,"html":"<blockquote class=\"wp-embedded-content\" data-secret=\"gNSbUOW8Lu\"><a href=\"https:\/\/rsb.musin.de\/wordpress\/geschlechtergerechte-arbeit-maedchen-und-jungenfoerderung\/\">Geschlechtergerechte Arbeit &#8211; M\u00e4dchen- und Jungenf\u00f6rderung<\/a><\/blockquote><iframe sandbox=\"allow-scripts\" security=\"restricted\" src=\"https:\/\/rsb.musin.de\/wordpress\/geschlechtergerechte-arbeit-maedchen-und-jungenfoerderung\/embed\/#?secret=gNSbUOW8Lu\" width=\"600\" height=\"338\" title=\"&#8222;Geschlechtergerechte Arbeit &#8211; M\u00e4dchen- und Jungenf\u00f6rderung&#8220; &#8211; Realschule an der Blutenburg\" data-secret=\"gNSbUOW8Lu\" frameborder=\"0\" marginwidth=\"0\" marginheight=\"0\" scrolling=\"no\" class=\"wp-embedded-content\"><\/iframe><script>\n\/*! This file is auto-generated *\/\n!function(d,l){\"use strict\";l.querySelector&&d.addEventListener&&\"undefined\"!=typeof URL&&(d.wp=d.wp||{},d.wp.receiveEmbedMessage||(d.wp.receiveEmbedMessage=function(e){var t=e.data;if((t||t.secret||t.message||t.value)&&!\/[^a-zA-Z0-9]\/.test(t.secret)){for(var s,r,n,a=l.querySelectorAll('iframe[data-secret=\"'+t.secret+'\"]'),o=l.querySelectorAll('blockquote[data-secret=\"'+t.secret+'\"]'),c=new RegExp(\"^https?:$\",\"i\"),i=0;i<o.length;i++)o[i].style.display=\"none\";for(i=0;i<a.length;i++)s=a[i],e.source===s.contentWindow&&(s.removeAttribute(\"style\"),\"height\"===t.message?(1e3<(r=parseInt(t.value,10))?r=1e3:~~r<200&&(r=200),s.height=r):\"link\"===t.message&&(r=new URL(s.getAttribute(\"src\")),n=new URL(t.value),c.test(n.protocol))&&n.host===r.host&&l.activeElement===s&&(d.top.location.href=t.value))}},d.addEventListener(\"message\",d.wp.receiveEmbedMessage,!1),l.addEventListener(\"DOMContentLoaded\",function(){for(var e,t,s=l.querySelectorAll(\"iframe.wp-embedded-content\"),r=0;r<s.length;r++)(t=(e=s[r]).getAttribute(\"data-secret\"))||(t=Math.random().toString(36).substring(2,12),e.src+=\"#?secret=\"+t,e.setAttribute(\"data-secret\",t)),e.contentWindow.postMessage({message:\"ready\",secret:t},\"*\")},!1)))}(window,document);\n\/\/# sourceURL=https:\/\/rsb.musin.de\/wordpress\/wp-includes\/js\/wp-embed.min.js\n<\/script>\n","description":"Jungen- und M\u00e4dchen Frau Deicke M\u00e4dchenbeauftragte Herr Schwaigert Jungenbeauftragter Um M\u00e4dchen und Jungen geschlechtergerechte p\u00e4dagogische Angebote zu machen, arbeiten wir mit verschiedenen aufeinander aufbauenden Modulen, welche altersgem\u00e4\u00df dem Entwicklungsstand und den Interessen der Sch\u00fcler*innen entgegenkommen. Schwerpunkte: Beratung, Pr\u00e4vention, Berufsorientierung Bausteine: 5. Klasse\/6. Klasse: &#8211; MFM-Projekt: \u201eZyklus-Show\u201c (M\u00e4dchen) und \u201cAgenten auf dem Weg\u201c (Jungen)&#8211; Amanda &amp; [&hellip;]","thumbnail_url":"http:\/\/rsb.musin.de\/wordpress\/wp-content\/uploads\/elementor\/thumbs\/IMG_2438-700x700-1-qdyizpobbo8arc2svesfx4z9e76uyk2c9iuwycvycg.jpg"}